{"id":819,"date":"2022-12-11T21:11:59","date_gmt":"2022-12-11T18:11:59","guid":{"rendered":"https:\/\/healthestetik.com\/?p=819"},"modified":"2025-05-08T14:02:03","modified_gmt":"2025-05-08T11:02:03","slug":"kulak-ameliyati","status":"publish","type":"page","link":"https:\/\/healthestetik.com\/tr\/kulak-ameliyati\/","title":{"rendered":"Kulak Ameliyat\u0131"},"content":{"rendered":"<figure class=\"wp-block-image size-large is-resized\"><img fetchpriority=\"high\" decoding=\"async\" width=\"1024\" height=\"459\" src=\"data:image\/gif;base64,R0lGODlhAQABAAAAACH5BAEKAAEALAAAAAABAAEAAAICTAEAOw==\" alt=\"\" class=\"wp-image-854 lazyload\" style=\"width:1231px;height:auto\" sizes=\"(max-width: 1024px) 100vw, 1024px\" data-src=\"https:\/\/healthestetik.com\/wp-content\/uploads\/2024\/10\/ear-surgery-1024x459.jpg\" data-srcset=\"https:\/\/healthestetik.com\/wp-content\/uploads\/2024\/10\/ear-surgery-1024x459.jpg 1024w, https:\/\/healthestetik.com\/wp-content\/uploads\/2024\/10\/ear-surgery-768x344.jpg 768w, https:\/\/healthestetik.com\/wp-content\/uploads\/2024\/10\/ear-surgery-320x143.jpg 320w, https:\/\/healthestetik.com\/wp-content\/uploads\/2024\/10\/ear-surgery-480x215.jpg 480w, https:\/\/healthestetik.com\/wp-content\/uploads\/2024\/10\/ear-surgery-800x358.jpg 800w, https:\/\/healthestetik.com\/wp-content\/uploads\/2024\/10\/ear-surgery-640x287.jpg 640w, https:\/\/healthestetik.com\/wp-content\/uploads\/2024\/10\/ear-surgery-400x179.jpg 400w\"><figcaption class=\"wp-element-caption\">T\u00fcrkiye&#039;de Kulak Ameliyat\u0131<\/figcaption><\/figure>\n\n\n\n<p class=\"wp-block-paragraph\">Di\u011fer t\u00fcm duyu organlar\u0131m\u0131z gibi, kulaklar\u0131m\u0131z da d\u00fcnyayla etkile\u015fime girmemize yard\u0131mc\u0131 olan tek i\u015fitsel ortam olduklar\u0131 i\u00e7in v\u00fccudumuzun en kritik par\u00e7alar\u0131ndan biridir. Kulaklar\u0131n\u0131zdaki herhangi bir t\u0131bbi, mekanik veya kozmetik sorun hayat\u0131n\u0131z\u0131 bir\u00e7ok a\u00e7\u0131dan alt \u00fcst edebilir. Ka\u00e7\u0131n\u0131lmaz olarak ve \u015f\u00fck\u00fcrler olsun ki kulak ameliyat\u0131 olabilirsiniz.&nbsp;<\/p>\n\n\n\n<p class=\"wp-block-paragraph\">Bu ger\u00e7eklerin d\u0131\u015f\u0131nda,&nbsp;<strong>estetik kulak ameliyat\u0131<\/strong>&nbsp;neredeyse 200 ya\u015f\u0131nda. Teknolojideki geli\u015fmelerle birlikte hasta say\u0131s\u0131 h\u0131zla art\u0131yor.&nbsp;<\/p>\n\n\n\n<h2 class=\"wp-block-heading\">Kulak ameliyat\u0131 nedir?<\/h2>\n\n\n\n<p class=\"wp-block-paragraph\">Doktorlar\u0131n kulak \u015feklinizde d\u00fczeltmeler yapt\u0131\u011f\u0131 cerrahi i\u015flemdir. Kulak ameliyat\u0131n\u0131n teknik ad\u0131 otoplastidir. Klini\u011fimizde uygulad\u0131\u011f\u0131m\u0131z farkl\u0131 otoplasti t\u00fcrleri vard\u0131r.&nbsp;<strong>kulak kep\u00e7esi ameliyat\u0131&nbsp;<\/strong>ile&nbsp;<strong>kulak \u015fekillendirme ameliyat\u0131<\/strong>,&nbsp;<strong>kulak rekonstr\u00fcksiyon cerrahisi&nbsp;<\/strong>ile&nbsp;<strong>kulak memesi ameliyat\u0131<\/strong>, bir\u00e7ok operasyonu s\u00fcrd\u00fcr\u00fcyoruz.&nbsp;<\/p>\n\n\n\n<p class=\"wp-block-paragraph\">Ayr\u0131ca kliniklerimizde \u015fu \u00fc\u00e7 se\u00e7ene\u011fi de bulabilirsiniz:<\/p>\n\n\n\n<ul class=\"wp-block-list\">\n<li>Elf kulak ameliyat\u0131&nbsp;<\/li>\n\n\n\n<li>Kulak k\u00fc\u00e7\u00fcltme ameliyat\u0131&nbsp;<\/li>\n\n\n\n<li>Kulak k\u0131vr\u0131m\u0131 ameliyat\u0131<\/li>\n<\/ul>\n\n\n\n<p class=\"wp-block-paragraph\">Burada m\u00fc\u015fterilerimize konfor ve sa\u011fl\u0131klar\u0131 i\u00e7in en iyi ko\u015fullar\u0131 sa\u011fl\u0131yoruz.<\/p>\n\n\n\n<h2 class=\"wp-block-heading\">Ameliyat s\u00fcreci nas\u0131l i\u015fliyor?<\/h2>\n\n\n\n<p class=\"wp-block-paragraph\">Kulak ameliyat\u0131 anestezi ve di\u011fer bir\u00e7ok cerrahi prosed\u00fcr gerektirir. Doktorlar \u00e7o\u011funlukla yeti\u015fkinler i\u00e7in lokal anesteziyi tercih eder \u00e7\u00fcnk\u00fc i\u015flem \u00f6nemli de\u011fildir. Ameliyat i\u00e7in en s\u0131k hasta olan \u00e7ocuklar i\u00e7in genel anestezi kullanmak daha uygundur.&nbsp;<\/p>\n\n\n\n<p class=\"wp-block-paragraph\">\u00c7o\u011fu operasyonda doktorunuzun kula\u011f\u0131n\u0131z\u0131n arkas\u0131ndan k\u0131k\u0131rdak dokuya m\u00fcdahale etmek i\u00e7in bir kesi yapmas\u0131 gerekir. <a href=\"https:\/\/healthestetik.com\/tr\/our-doctors\/\"  data-wpil-monitor-id=\"207\">Doktorlar\u0131m\u0131z<\/a> K\u0131k\u0131rdakta olas\u0131 herhangi bir ekleme, \u00e7\u0131karma veya de\u011fi\u015fiklik yapabilir. Kulaklar\u0131n\u0131z\u0131n yeniden \u015fekillendirilmesini, k\u00fc\u00e7\u00fclt\u00fclmesini veya d\u00fczeltilmesini sa\u011flayabilirsiniz. Ameliyat tamamland\u0131ktan sonra doktorunuz kesileri dikecektir.&nbsp;<\/p>\n\n\n\n<p class=\"wp-block-paragraph\">Kulak d\u00fczeltme ameliyat\u0131n\u0131n iyile\u015fme s\u00fcreci genellikle yakla\u015f\u0131k iki ay s\u00fcrer. Ameliyattan sonra, muhtemelen ameliyat b\u00f6lgenizde veya yak\u0131n\u0131nda \u015fi\u015flik, a\u011fr\u0131 ve parestezi ya\u015fayacaks\u0131n\u0131z. Bunlar\u0131n hepsi normaldir; panik yapman\u0131za gerek yok. (Her durumda, a\u015f\u0131r\u0131 veya beklenmedik bir durum i\u00e7in doktorunuzla ileti\u015fime ge\u00e7in). \u00d6ncelikle, bu iki ay\u0131n sonunda, tam i\u015fitmenizi geri kazanacak ve yeni kulaklar\u0131n\u0131za kavu\u015fabileceksiniz.&nbsp;<\/p>\n\n\n\n<h2 class=\"wp-block-heading\">Kulak Esteti\u011fi Ameliyat\u0131&nbsp;&nbsp;<\/h2>\n\n\n\n<p class=\"wp-block-paragraph\">En yayg\u0131n kulak ameliyat\u0131 t\u00fcrlerinden biri kulak kep\u00e7esi ameliyat\u0131d\u0131r. Kep\u00e7e kulaklar\u0131 olan bir\u00e7ok ki\u015fi, \u00f6zellikle de \u00e7ocuklar, kulak kep\u00e7elerini sevmez. Kep\u00e7e kulaklar\u0131 olan bir \u00e7ocu\u011fun ilkokula gitmesinin ne kadar zor olabilece\u011fini kolayca tahmin edebilirsiniz. Daha a\u00e7\u0131k fikirli ebeveynler ve modern teknolojinin kolayl\u0131klar\u0131 sayesinde, bir\u00e7ok \u00e7ocuk art\u0131k kulak kep\u00e7esi ameliyat\u0131 ge\u00e7iriyor.&nbsp;<\/p>\n\n\n\n<p class=\"wp-block-paragraph\">Ayn\u0131 i\u015flem, kulak k\u0131k\u0131rda\u011f\u0131n\u0131n kesi yoluyla yeniden yap\u0131land\u0131r\u0131lmas\u0131n\u0131 i\u00e7eren cerrahi kulak sabitleme i\u00e7in kullan\u0131lsa da, cerrahi olmayan kulak sabitleme ad\u0131 verilen alternatif bir kulak sabitleme y\u00f6ntemi de vard\u0131r. Ad\u0131na ra\u011fmen, bu y\u00f6ntem kulaklarda yar\u0131 cerrahi bir operasyon gerektirir. Tek fark, kesi olmamas\u0131d\u0131r. Doktorlar\u0131m\u0131z kula\u011f\u0131n\u0131z\u0131 ba\u015f\u0131n\u0131za sabitlemek i\u00e7in diki\u015fler (t\u0131bbi terimle diki\u015fler) kullan\u0131r.&nbsp;<\/p>\n\n\n\n<p class=\"wp-block-paragraph\">Her iki y\u00f6ntem de yeti\u015fkin veya \u00e7ocuk herkes i\u00e7in tercih edilebilir. Bu iki y\u00f6ntemden herhangi biriyle belirgin kulak sorununuzun \u00fcstesinden kolayca gelebilirsiniz.&nbsp;<\/p>\n\n\n\n<h2 class=\"wp-block-heading\">Kulak Ameliyat\u0131 Maliyeti&nbsp;<\/h2>\n\n\n\n<p class=\"wp-block-paragraph\"><strong>Kulak ameliyat\u0131 maliyeti<\/strong>&nbsp;\u00e7ok de\u011fi\u015fkendir. Hangi hizmetleri almak istedi\u011finize g\u00f6re de\u011fi\u015fir. Bu anlamda daha fazlas\u0131 i\u00e7in bize dan\u0131\u015f\u0131n.<\/p>","protected":false},"excerpt":{"rendered":"<p>Kulak Ameliyat\u0131, doktorlar\u0131n kula\u011f\u0131n\u0131z\u0131n \u015feklini d\u00fczeltti\u011fi cerrahi bir i\u015flemdir. <\/p>","protected":false},"author":1,"featured_media":854,"parent":0,"menu_order":0,"comment_status":"open","ping_status":"open","template":"","meta":{"footnotes":""},"class_list":["post-819","page","type-page","status-publish","has-post-thumbnail","hentry"],"_links":{"self":[{"href":"https:\/\/healthestetik.com\/tr\/wp-json\/wp\/v2\/pages\/819","targetHints":{"allow":["GET"]}}],"collection":[{"href":"https:\/\/healthestetik.com\/tr\/wp-json\/wp\/v2\/pages"}],"about":[{"href":"https:\/\/healthestetik.com\/tr\/wp-json\/wp\/v2\/types\/page"}],"author":[{"embeddable":true,"href":"https:\/\/healthestetik.com\/tr\/wp-json\/wp\/v2\/users\/1"}],"replies":[{"embeddable":true,"href":"https:\/\/healthestetik.com\/tr\/wp-json\/wp\/v2\/comments?post=819"}],"version-history":[{"count":0,"href":"https:\/\/healthestetik.com\/tr\/wp-json\/wp\/v2\/pages\/819\/revisions"}],"wp:featuredmedia":[{"embeddable":true,"href":"https:\/\/healthestetik.com\/tr\/wp-json\/wp\/v2\/media\/854"}],"wp:attachment":[{"href":"https:\/\/healthestetik.com\/tr\/wp-json\/wp\/v2\/media?parent=819"}],"curies":[{"name":"wp","href":"https:\/\/api.w.org\/{rel}","templated":true}]}}